{"version":"1.0","provider_name":"Altominho.tv","provider_url":"https:\/\/www.altominho.tv\/site","author_name":"Lusa","author_url":"https:\/\/www.altominho.tv\/site\/author\/lusa\/","title":"Lu\u00eds Montenegro anuncia uso de reservas de petr\u00f3leo","type":"rich","width":600,"height":338,"html":"<blockquote class=\"wp-embedded-content\" data-secret=\"uyd5IZq0Ds\"><a href=\"https:\/\/www.altominho.tv\/site\/2026\/03\/11\/luis-montenegro-anuncia-uso-de-reservas-de-petroleo\/\">Lu\u00eds Montenegro anuncia uso de reservas de petr\u00f3leo<\/a><\/blockquote><iframe sandbox=\"allow-scripts\" security=\"restricted\" src=\"https:\/\/www.altominho.tv\/site\/2026\/03\/11\/luis-montenegro-anuncia-uso-de-reservas-de-petroleo\/embed\/#?secret=uyd5IZq0Ds\" width=\"600\" height=\"338\" title=\"&#8220;Lu\u00eds Montenegro anuncia uso de reservas de petr\u00f3leo&#8221; &#8212; Altominho.tv\" data-secret=\"uyd5IZq0Ds\" frameborder=\"0\" marginwidth=\"0\" marginheight=\"0\" scrolling=\"no\" class=\"wp-embedded-content\"><\/iframe><script type=\"text\/javascript\">\n\/* <![CDATA[ *\/\n\/*! This file is auto-generated *\/\n!function(d,l){\"use strict\";l.querySelector&&d.addEventListener&&\"undefined\"!=typeof URL&&(d.wp=d.wp||{},d.wp.receiveEmbedMessage||(d.wp.receiveEmbedMessage=function(e){var t=e.data;if((t||t.secret||t.message||t.value)&&!\/[^a-zA-Z0-9]\/.test(t.secret)){for(var s,r,n,a=l.querySelectorAll('iframe[data-secret=\"'+t.secret+'\"]'),o=l.querySelectorAll('blockquote[data-secret=\"'+t.secret+'\"]'),c=new RegExp(\"^https?:$\",\"i\"),i=0;i<o.length;i++)o[i].style.display=\"none\";for(i=0;i<a.length;i++)s=a[i],e.source===s.contentWindow&&(s.removeAttribute(\"style\"),\"height\"===t.message?(1e3<(r=parseInt(t.value,10))?r=1e3:~~r<200&&(r=200),s.height=r):\"link\"===t.message&&(r=new URL(s.getAttribute(\"src\")),n=new URL(t.value),c.test(n.protocol))&&n.host===r.host&&l.activeElement===s&&(d.top.location.href=t.value))}},d.addEventListener(\"message\",d.wp.receiveEmbedMessage,!1),l.addEventListener(\"DOMContentLoaded\",function(){for(var e,t,s=l.querySelectorAll(\"iframe.wp-embedded-content\"),r=0;r<s.length;r++)(t=(e=s[r]).getAttribute(\"data-secret\"))||(t=Math.random().toString(36).substring(2,12),e.src+=\"#?secret=\"+t,e.setAttribute(\"data-secret\",t)),e.contentWindow.postMessage({message:\"ready\",secret:t},\"*\")},!1)))}(window,document);\n\/\/# sourceURL=https:\/\/www.altominho.tv\/site\/wp-includes\/js\/wp-embed.min.js\n\/* ]]> *\/\n<\/script>\n","thumbnail_url":"https:\/\/www.altominho.tv\/site\/wp-content\/uploads\/2026\/03\/nliyhyqehfu.jpg","thumbnail_width":1280,"thumbnail_height":720,"description":"O primeiro-ministro, Lu\u00eds Montenegro, anunciou hoje que Portugal vai disponibilizar \u201cem princ\u00edpio\u201d 10% das reservas estrat\u00e9gicas de petr\u00f3leo para poder haver mais oferta e maior conten\u00e7\u00e3o nos pre\u00e7os dos combust\u00edveis. \u201cVamos partilhar com v\u00e1rios parceiros \u00e0 escala internacional aquela que foi uma das conclus\u00f5es da reuni\u00e3o do G7\u00a0 e vamos disponibilizar uma parte importante, em [&hellip;]"}