{"version":"1.0","provider_name":"Altominho.tv","provider_url":"https:\/\/www.altominho.tv\/site","author_name":"Altominho.tv","author_url":"https:\/\/www.altominho.tv\/site\/author\/altominhotv-tecnico\/","title":"PSP det\u00e9m homem por captura ilegal de aves","type":"rich","width":600,"height":338,"html":"<blockquote class=\"wp-embedded-content\" data-secret=\"ybaSH85MVJ\"><a href=\"https:\/\/www.altominho.tv\/site\/2025\/05\/23\/psp-detem-homem-por-captura-ilegal-de-aves\/\">PSP det\u00e9m homem por captura ilegal de aves<\/a><\/blockquote><iframe sandbox=\"allow-scripts\" security=\"restricted\" src=\"https:\/\/www.altominho.tv\/site\/2025\/05\/23\/psp-detem-homem-por-captura-ilegal-de-aves\/embed\/#?secret=ybaSH85MVJ\" width=\"600\" height=\"338\" title=\"&#8220;PSP det\u00e9m homem por captura ilegal de aves&#8221; &#8212; Altominho.tv\" data-secret=\"ybaSH85MVJ\" frameborder=\"0\" marginwidth=\"0\" marginheight=\"0\" scrolling=\"no\" class=\"wp-embedded-content\"><\/iframe><script type=\"text\/javascript\">\n\/* <![CDATA[ *\/\n\/*! This file is auto-generated *\/\n!function(d,l){\"use strict\";l.querySelector&&d.addEventListener&&\"undefined\"!=typeof URL&&(d.wp=d.wp||{},d.wp.receiveEmbedMessage||(d.wp.receiveEmbedMessage=function(e){var t=e.data;if((t||t.secret||t.message||t.value)&&!\/[^a-zA-Z0-9]\/.test(t.secret)){for(var s,r,n,a=l.querySelectorAll('iframe[data-secret=\"'+t.secret+'\"]'),o=l.querySelectorAll('blockquote[data-secret=\"'+t.secret+'\"]'),c=new RegExp(\"^https?:$\",\"i\"),i=0;i<o.length;i++)o[i].style.display=\"none\";for(i=0;i<a.length;i++)s=a[i],e.source===s.contentWindow&&(s.removeAttribute(\"style\"),\"height\"===t.message?(1e3<(r=parseInt(t.value,10))?r=1e3:~~r<200&&(r=200),s.height=r):\"link\"===t.message&&(r=new URL(s.getAttribute(\"src\")),n=new URL(t.value),c.test(n.protocol))&&n.host===r.host&&l.activeElement===s&&(d.top.location.href=t.value))}},d.addEventListener(\"message\",d.wp.receiveEmbedMessage,!1),l.addEventListener(\"DOMContentLoaded\",function(){for(var e,t,s=l.querySelectorAll(\"iframe.wp-embedded-content\"),r=0;r<s.length;r++)(t=(e=s[r]).getAttribute(\"data-secret\"))||(t=Math.random().toString(36).substring(2,12),e.src+=\"#?secret=\"+t,e.setAttribute(\"data-secret\",t)),e.contentWindow.postMessage({message:\"ready\",secret:t},\"*\")},!1)))}(window,document);\n\/\/# sourceURL=https:\/\/www.altominho.tv\/site\/wp-includes\/js\/wp-embed.min.js\n\/* ]]> *\/\n<\/script>\n","thumbnail_url":"https:\/\/www.altominho.tv\/site\/wp-content\/uploads\/2025\/05\/BASE-FB-logo-Branco-x2-1200-x-630-px-1.png","thumbnail_width":1200,"thumbnail_height":630,"description":"A PSP deteve, em Viana do Castelo, um homem de 65 anos por captura, atrav\u00e9s de m\u00e9todos ilegais, de aves de esp\u00e9cies protegidas, revelou aquela for\u00e7a policial. Em comunicado enviado \u00e0s reda\u00e7\u00f5es, o Comando Distrital da PSP de Viana do Castelo adiantou que o efetivo da Esquadra de Interven\u00e7\u00e3o e Fiscaliza\u00e7\u00e3o Policial deteve o homem [&hellip;]"}