{"version":"1.0","provider_name":"Altominho.tv","provider_url":"https:\/\/www.altominho.tv\/site","author_name":"Andreia Cunha","author_url":"https:\/\/www.altominho.tv\/site\/author\/andreiacunha\/","title":"C\u00e2mara de Viana do Castelo promove a\u00e7\u00f5es de pr\u00e9-fiscaliza\u00e7\u00e3o para prevenir inc\u00eandios rurais","type":"rich","width":600,"height":338,"html":"<blockquote class=\"wp-embedded-content\" data-secret=\"kO1DfABsGG\"><a href=\"https:\/\/www.altominho.tv\/site\/2024\/03\/07\/viana-do-castelo-18\/\">C\u00e2mara de Viana do Castelo promove a\u00e7\u00f5es de pr\u00e9-fiscaliza\u00e7\u00e3o para prevenir inc\u00eandios rurais<\/a><\/blockquote><iframe sandbox=\"allow-scripts\" security=\"restricted\" src=\"https:\/\/www.altominho.tv\/site\/2024\/03\/07\/viana-do-castelo-18\/embed\/#?secret=kO1DfABsGG\" width=\"600\" height=\"338\" title=\"&#8220;C\u00e2mara de Viana do Castelo promove a\u00e7\u00f5es de pr\u00e9-fiscaliza\u00e7\u00e3o para prevenir inc\u00eandios rurais&#8221; &#8212; Altominho.tv\" data-secret=\"kO1DfABsGG\" frameborder=\"0\" marginwidth=\"0\" marginheight=\"0\" scrolling=\"no\" class=\"wp-embedded-content\"><\/iframe><script type=\"text\/javascript\">\n\/* <![CDATA[ *\/\n\/*! This file is auto-generated *\/\n!function(d,l){\"use strict\";l.querySelector&&d.addEventListener&&\"undefined\"!=typeof URL&&(d.wp=d.wp||{},d.wp.receiveEmbedMessage||(d.wp.receiveEmbedMessage=function(e){var t=e.data;if((t||t.secret||t.message||t.value)&&!\/[^a-zA-Z0-9]\/.test(t.secret)){for(var s,r,n,a=l.querySelectorAll('iframe[data-secret=\"'+t.secret+'\"]'),o=l.querySelectorAll('blockquote[data-secret=\"'+t.secret+'\"]'),c=new RegExp(\"^https?:$\",\"i\"),i=0;i<o.length;i++)o[i].style.display=\"none\";for(i=0;i<a.length;i++)s=a[i],e.source===s.contentWindow&&(s.removeAttribute(\"style\"),\"height\"===t.message?(1e3<(r=parseInt(t.value,10))?r=1e3:~~r<200&&(r=200),s.height=r):\"link\"===t.message&&(r=new URL(s.getAttribute(\"src\")),n=new URL(t.value),c.test(n.protocol))&&n.host===r.host&&l.activeElement===s&&(d.top.location.href=t.value))}},d.addEventListener(\"message\",d.wp.receiveEmbedMessage,!1),l.addEventListener(\"DOMContentLoaded\",function(){for(var e,t,s=l.querySelectorAll(\"iframe.wp-embedded-content\"),r=0;r<s.length;r++)(t=(e=s[r]).getAttribute(\"data-secret\"))||(t=Math.random().toString(36).substring(2,12),e.src+=\"#?secret=\"+t,e.setAttribute(\"data-secret\",t)),e.contentWindow.postMessage({message:\"ready\",secret:t},\"*\")},!1)))}(window,document);\n\/\/# sourceURL=https:\/\/www.altominho.tv\/site\/wp-includes\/js\/wp-embed.min.js\n\/* ]]> *\/\n<\/script>\n","thumbnail_url":"https:\/\/www.altominho.tv\/site\/wp-content\/uploads\/2024\/03\/incendios-1-740x416-1.jpeg","thumbnail_width":740,"thumbnail_height":416,"description":"Pelo quinto ano consecutivo, o Gabinete T\u00e9cnico Florestal da C\u00e2mara Municipal de Viana do Castelo, o Servi\u00e7o de Prote\u00e7\u00e3o da Natureza e Ambiente da Guarda Nacional Republicana, a Pol\u00edcia de Seguran\u00e7a P\u00fablica, a Companhia de Bombeiros Sapadores de Viana do Castelo, o Servi\u00e7o Municipal de Prote\u00e7\u00e3o Civil de Viana do Castelo e as Juntas de Freguesia do concelho est\u00e3o no terreno, desde o in\u00edcio deste m\u00eas de mar\u00e7o, numa a\u00e7\u00e3o conjunta de pr\u00e9-fiscaliza\u00e7\u00e3o dos espa\u00e7os rurais, com o objetivo de garantir a seguran\u00e7a das popula\u00e7\u00f5es, dos seus bens e a preserva\u00e7\u00e3o do patrim\u00f3nio florestal.\u00a0"}