{"version":"1.0","provider_name":"Altominho.tv","provider_url":"https:\/\/www.altominho.tv\/site","author_name":"Cesar Lopes","author_url":"https:\/\/www.altominho.tv\/site\/author\/cesarlopes\/","title":"\"Adivinhei que havia ali talento, mas para chegar a esta dimens\u00e3o estratosf\u00e9rica n\u00e3o\"","type":"rich","width":600,"height":338,"html":"<blockquote class=\"wp-embedded-content\" data-secret=\"NQeCfg3ozg\"><a href=\"https:\/\/www.altominho.tv\/site\/2023\/05\/18\/coldplay-festival-paredes-de-coura\/\">&#8220;Adivinhei que havia ali talento, mas para chegar a esta dimens\u00e3o estratosf\u00e9rica n\u00e3o&#8221;<\/a><\/blockquote><iframe sandbox=\"allow-scripts\" security=\"restricted\" src=\"https:\/\/www.altominho.tv\/site\/2023\/05\/18\/coldplay-festival-paredes-de-coura\/embed\/#?secret=NQeCfg3ozg\" width=\"600\" height=\"338\" title=\"&#8220;&#8220;Adivinhei que havia ali talento, mas para chegar a esta dimens\u00e3o estratosf\u00e9rica n\u00e3o&#8221;&#8221; &#8212; Altominho.tv\" data-secret=\"NQeCfg3ozg\" frameborder=\"0\" marginwidth=\"0\" marginheight=\"0\" scrolling=\"no\" class=\"wp-embedded-content\"><\/iframe><script type=\"text\/javascript\">\n\/* <![CDATA[ *\/\n\/*! This file is auto-generated *\/\n!function(d,l){\"use strict\";l.querySelector&&d.addEventListener&&\"undefined\"!=typeof URL&&(d.wp=d.wp||{},d.wp.receiveEmbedMessage||(d.wp.receiveEmbedMessage=function(e){var t=e.data;if((t||t.secret||t.message||t.value)&&!\/[^a-zA-Z0-9]\/.test(t.secret)){for(var s,r,n,a=l.querySelectorAll('iframe[data-secret=\"'+t.secret+'\"]'),o=l.querySelectorAll('blockquote[data-secret=\"'+t.secret+'\"]'),c=new RegExp(\"^https?:$\",\"i\"),i=0;i<o.length;i++)o[i].style.display=\"none\";for(i=0;i<a.length;i++)s=a[i],e.source===s.contentWindow&&(s.removeAttribute(\"style\"),\"height\"===t.message?(1e3<(r=parseInt(t.value,10))?r=1e3:~~r<200&&(r=200),s.height=r):\"link\"===t.message&&(r=new URL(s.getAttribute(\"src\")),n=new URL(t.value),c.test(n.protocol))&&n.host===r.host&&l.activeElement===s&&(d.top.location.href=t.value))}},d.addEventListener(\"message\",d.wp.receiveEmbedMessage,!1),l.addEventListener(\"DOMContentLoaded\",function(){for(var e,t,s=l.querySelectorAll(\"iframe.wp-embedded-content\"),r=0;r<s.length;r++)(t=(e=s[r]).getAttribute(\"data-secret\"))||(t=Math.random().toString(36).substring(2,12),e.src+=\"#?secret=\"+t,e.setAttribute(\"data-secret\",t)),e.contentWindow.postMessage({message:\"ready\",secret:t},\"*\")},!1)))}(window,document);\n\/\/# sourceURL=https:\/\/www.altominho.tv\/site\/wp-includes\/js\/wp-embed.min.js\n\/* ]]> *\/\n<\/script>\n","thumbnail_url":"https:\/\/www.altominho.tv\/site\/wp-content\/uploads\/2023\/05\/coldplay.jpg","thumbnail_width":1861,"thumbnail_height":984,"description":"\u201cNa altura n\u00e3o esperava que eles atingissem este patamar. \u00c9 a banda mais importante do Mundo na atualidade.\u201d As palavras s\u00e3o de Jo\u00e3o Carvalho, um dos respons\u00e1veis pela estreia dos Coldplay em Portugal, precisamente no Festival Paredes de Coura h\u00e1 quase 23 anos."}