{"version":"1.0","provider_name":"Altominho.tv","provider_url":"https:\/\/www.altominho.tv\/site","author_name":"Andreia Ferreira","author_url":"https:\/\/www.altominho.tv\/site\/author\/andreiaferreira\/","title":"Ferido grave em despiste de mota em Mon\u00e7\u00e3o","type":"rich","width":600,"height":338,"html":"<blockquote class=\"wp-embedded-content\" data-secret=\"R7jTOEGcTk\"><a href=\"https:\/\/www.altominho.tv\/site\/2021\/08\/14\/ferido-grave-em-despiste-de-mota-em-moncao\/\">Ferido grave em despiste de mota em Mon\u00e7\u00e3o<\/a><\/blockquote><iframe sandbox=\"allow-scripts\" security=\"restricted\" src=\"https:\/\/www.altominho.tv\/site\/2021\/08\/14\/ferido-grave-em-despiste-de-mota-em-moncao\/embed\/#?secret=R7jTOEGcTk\" width=\"600\" height=\"338\" title=\"&#8220;Ferido grave em despiste de mota em Mon\u00e7\u00e3o&#8221; &#8212; Altominho.tv\" data-secret=\"R7jTOEGcTk\" frameborder=\"0\" marginwidth=\"0\" marginheight=\"0\" scrolling=\"no\" class=\"wp-embedded-content\"><\/iframe><script>\n\/*! This file is auto-generated *\/\n!function(d,l){\"use strict\";l.querySelector&&d.addEventListener&&\"undefined\"!=typeof URL&&(d.wp=d.wp||{},d.wp.receiveEmbedMessage||(d.wp.receiveEmbedMessage=function(e){var t=e.data;if((t||t.secret||t.message||t.value)&&!\/[^a-zA-Z0-9]\/.test(t.secret)){for(var s,r,n,a=l.querySelectorAll('iframe[data-secret=\"'+t.secret+'\"]'),o=l.querySelectorAll('blockquote[data-secret=\"'+t.secret+'\"]'),c=new RegExp(\"^https?:$\",\"i\"),i=0;i<o.length;i++)o[i].style.display=\"none\";for(i=0;i<a.length;i++)s=a[i],e.source===s.contentWindow&&(s.removeAttribute(\"style\"),\"height\"===t.message?(1e3<(r=parseInt(t.value,10))?r=1e3:~~r<200&&(r=200),s.height=r):\"link\"===t.message&&(r=new URL(s.getAttribute(\"src\")),n=new URL(t.value),c.test(n.protocol))&&n.host===r.host&&l.activeElement===s&&(d.top.location.href=t.value))}},d.addEventListener(\"message\",d.wp.receiveEmbedMessage,!1),l.addEventListener(\"DOMContentLoaded\",function(){for(var e,t,s=l.querySelectorAll(\"iframe.wp-embedded-content\"),r=0;r<s.length;r++)(t=(e=s[r]).getAttribute(\"data-secret\"))||(t=Math.random().toString(36).substring(2,12),e.src+=\"#?secret=\"+t,e.setAttribute(\"data-secret\",t)),e.contentWindow.postMessage({message:\"ready\",secret:t},\"*\")},!1)))}(window,document);\n\/\/# sourceURL=https:\/\/www.altominho.tv\/site\/wp-includes\/js\/wp-embed.min.js\n<\/script>\n","thumbnail_url":"https:\/\/www.altominho.tv\/site\/wp-content\/uploads\/2021\/08\/siv_0-e1651571136283.jpg","thumbnail_width":722,"thumbnail_height":409,"description":"Um homem de 30 anos ficou em estado grave, ao in\u00edcio da tarde deste s\u00e1bado, na sequ\u00eancia de um despiste\u00a0de\u00a0mota, na localidade de Pias de Baixo, na freguesia de Pias, em Mon\u00e7\u00e3o. Segundo fonte dos Bombeiros Volunt\u00e1rios de Mon\u00e7\u00e3o, o alerta para a ocorr\u00eancia foi dado \u00e0s 12h14 e a v\u00edtima foi transportada para o\u00a0Servi\u00e7o [&hellip;]"}