{"version":"1.0","provider_name":"Altominho.tv","provider_url":"https:\/\/www.altominho.tv\/site","author_name":"Andreia Ferreira","author_url":"https:\/\/www.altominho.tv\/site\/author\/andreiaferreira\/","title":"Abertas candidaturas para Pr\u00e9mio Jean Loup Passek","type":"rich","width":600,"height":338,"html":"<blockquote class=\"wp-embedded-content\" data-secret=\"NShKz4vAzo\"><a href=\"https:\/\/www.altominho.tv\/site\/2021\/01\/25\/abertas-candidaturas-para-premio-jean-loup-passek\/\">Abertas candidaturas para Pr\u00e9mio Jean Loup Passek<\/a><\/blockquote><iframe sandbox=\"allow-scripts\" security=\"restricted\" src=\"https:\/\/www.altominho.tv\/site\/2021\/01\/25\/abertas-candidaturas-para-premio-jean-loup-passek\/embed\/#?secret=NShKz4vAzo\" width=\"600\" height=\"338\" title=\"&#8220;Abertas candidaturas para Pr\u00e9mio Jean Loup Passek&#8221; &#8212; Altominho.tv\" data-secret=\"NShKz4vAzo\" frameborder=\"0\" marginwidth=\"0\" marginheight=\"0\" scrolling=\"no\" class=\"wp-embedded-content\"><\/iframe><script type=\"text\/javascript\">\n\/* <![CDATA[ *\/\n\/*! This file is auto-generated *\/\n!function(d,l){\"use strict\";l.querySelector&&d.addEventListener&&\"undefined\"!=typeof URL&&(d.wp=d.wp||{},d.wp.receiveEmbedMessage||(d.wp.receiveEmbedMessage=function(e){var t=e.data;if((t||t.secret||t.message||t.value)&&!\/[^a-zA-Z0-9]\/.test(t.secret)){for(var s,r,n,a=l.querySelectorAll('iframe[data-secret=\"'+t.secret+'\"]'),o=l.querySelectorAll('blockquote[data-secret=\"'+t.secret+'\"]'),c=new RegExp(\"^https?:$\",\"i\"),i=0;i<o.length;i++)o[i].style.display=\"none\";for(i=0;i<a.length;i++)s=a[i],e.source===s.contentWindow&&(s.removeAttribute(\"style\"),\"height\"===t.message?(1e3<(r=parseInt(t.value,10))?r=1e3:~~r<200&&(r=200),s.height=r):\"link\"===t.message&&(r=new URL(s.getAttribute(\"src\")),n=new URL(t.value),c.test(n.protocol))&&n.host===r.host&&l.activeElement===s&&(d.top.location.href=t.value))}},d.addEventListener(\"message\",d.wp.receiveEmbedMessage,!1),l.addEventListener(\"DOMContentLoaded\",function(){for(var e,t,s=l.querySelectorAll(\"iframe.wp-embedded-content\"),r=0;r<s.length;r++)(t=(e=s[r]).getAttribute(\"data-secret\"))||(t=Math.random().toString(36).substring(2,12),e.src+=\"#?secret=\"+t,e.setAttribute(\"data-secret\",t)),e.contentWindow.postMessage({message:\"ready\",secret:t},\"*\")},!1)))}(window,document);\n\/\/# sourceURL=https:\/\/www.altominho.tv\/site\/wp-includes\/js\/wp-embed.min.js\n\/* ]]> *\/\n<\/script>\n","thumbnail_url":"https:\/\/www.altominho.tv\/site\/wp-content\/uploads\/2021\/01\/cinema-ar-livre-melgaco-2-1030x686-1.jpg","thumbnail_width":1030,"thumbnail_height":686,"description":"Document\u00e1rios cinematogr\u00e1ficos, produzidos em qualquer pa\u00eds e com qualquer dura\u00e7\u00e3o, que abordam os temas identidade, mem\u00f3ria e fronteira j\u00e1 podem concorrer ao pr\u00e9mio Jean Loup Passek, integrado no Festival Internacional de Document\u00e1rio de Melga\u00e7o (MDOC). As candidaturas decorrem at\u00e9 ao dia 19 de abril. Os document\u00e1rios selecionados ser\u00e3o exibidos durante o MDOC, que este ano [&hellip;]"}