{"version":"1.0","provider_name":"Altominho.tv","provider_url":"https:\/\/www.altominho.tv\/site","author_name":"Andreia Ferreira | Lusa","author_url":"https:\/\/www.altominho.tv\/site\/author\/andreiaferreiralusa\/","title":"Alto Minho em risco muito elevado de inc\u00eandio","type":"rich","width":600,"height":338,"html":"<blockquote class=\"wp-embedded-content\" data-secret=\"qePXgViU7W\"><a href=\"https:\/\/www.altominho.tv\/site\/2020\/07\/28\/alto-minho-em-risco-muito-elevado-de-incendio\/\">Alto Minho em risco muito elevado de inc\u00eandio<\/a><\/blockquote><iframe sandbox=\"allow-scripts\" security=\"restricted\" src=\"https:\/\/www.altominho.tv\/site\/2020\/07\/28\/alto-minho-em-risco-muito-elevado-de-incendio\/embed\/#?secret=qePXgViU7W\" width=\"600\" height=\"338\" title=\"&#8220;Alto Minho em risco muito elevado de inc\u00eandio&#8221; &#8212; Altominho.tv\" data-secret=\"qePXgViU7W\" frameborder=\"0\" marginwidth=\"0\" marginheight=\"0\" scrolling=\"no\" class=\"wp-embedded-content\"><\/iframe><script type=\"text\/javascript\">\n\/* <![CDATA[ *\/\n\/*! This file is auto-generated *\/\n!function(d,l){\"use strict\";l.querySelector&&d.addEventListener&&\"undefined\"!=typeof URL&&(d.wp=d.wp||{},d.wp.receiveEmbedMessage||(d.wp.receiveEmbedMessage=function(e){var t=e.data;if((t||t.secret||t.message||t.value)&&!\/[^a-zA-Z0-9]\/.test(t.secret)){for(var s,r,n,a=l.querySelectorAll('iframe[data-secret=\"'+t.secret+'\"]'),o=l.querySelectorAll('blockquote[data-secret=\"'+t.secret+'\"]'),c=new RegExp(\"^https?:$\",\"i\"),i=0;i<o.length;i++)o[i].style.display=\"none\";for(i=0;i<a.length;i++)s=a[i],e.source===s.contentWindow&&(s.removeAttribute(\"style\"),\"height\"===t.message?(1e3<(r=parseInt(t.value,10))?r=1e3:~~r<200&&(r=200),s.height=r):\"link\"===t.message&&(r=new URL(s.getAttribute(\"src\")),n=new URL(t.value),c.test(n.protocol))&&n.host===r.host&&l.activeElement===s&&(d.top.location.href=t.value))}},d.addEventListener(\"message\",d.wp.receiveEmbedMessage,!1),l.addEventListener(\"DOMContentLoaded\",function(){for(var e,t,s=l.querySelectorAll(\"iframe.wp-embedded-content\"),r=0;r<s.length;r++)(t=(e=s[r]).getAttribute(\"data-secret\"))||(t=Math.random().toString(36).substring(2,12),e.src+=\"#?secret=\"+t,e.setAttribute(\"data-secret\",t)),e.contentWindow.postMessage({message:\"ready\",secret:t},\"*\")},!1)))}(window,document);\n\/\/# sourceURL=https:\/\/www.altominho.tv\/site\/wp-includes\/js\/wp-embed.min.js\n\/* ]]> *\/\n<\/script>\n","thumbnail_url":"https:\/\/www.altominho.tv\/site\/wp-content\/uploads\/2020\/07\/forest-fire-3694495_1920.jpg","thumbnail_width":1920,"thumbnail_height":1279,"description":"O risco de inc\u00eandio \u00e9 esta ter\u00e7a-feira m\u00e1ximo em cerca de 50 concelhos do interior Norte e Centro e no Algarve, muito elevado em mais de uma centena de outros munic\u00edpios, num dia em que se prev\u00ea uma pequena descida da temperatura. Em risco m\u00e1ximo est\u00e3o cinco dezenas de concelhos dos distritos de Bragan\u00e7a, Guarda, [&hellip;]"}