{"version":"1.0","provider_name":"Altominho.tv","provider_url":"https:\/\/www.altominho.tv\/site","author_name":"Andreia Ferreira","author_url":"https:\/\/www.altominho.tv\/site\/author\/andreiaferreira\/","title":"Mais tr\u00eas casos recuperados no concelho de Mon\u00e7\u00e3o","type":"rich","width":600,"height":338,"html":"<blockquote class=\"wp-embedded-content\" data-secret=\"7VSDg4zC4q\"><a href=\"https:\/\/www.altominho.tv\/site\/2020\/05\/10\/mais-tres-casos-recuperados-no-concelho-de-moncao\/\">Mais tr\u00eas casos recuperados no concelho de Mon\u00e7\u00e3o<\/a><\/blockquote><iframe sandbox=\"allow-scripts\" security=\"restricted\" src=\"https:\/\/www.altominho.tv\/site\/2020\/05\/10\/mais-tres-casos-recuperados-no-concelho-de-moncao\/embed\/#?secret=7VSDg4zC4q\" width=\"600\" height=\"338\" title=\"&#8220;Mais tr\u00eas casos recuperados no concelho de Mon\u00e7\u00e3o&#8221; &#8212; Altominho.tv\" data-secret=\"7VSDg4zC4q\" frameborder=\"0\" marginwidth=\"0\" marginheight=\"0\" scrolling=\"no\" class=\"wp-embedded-content\"><\/iframe><script>\n\/*! This file is auto-generated *\/\n!function(d,l){\"use strict\";l.querySelector&&d.addEventListener&&\"undefined\"!=typeof URL&&(d.wp=d.wp||{},d.wp.receiveEmbedMessage||(d.wp.receiveEmbedMessage=function(e){var t=e.data;if((t||t.secret||t.message||t.value)&&!\/[^a-zA-Z0-9]\/.test(t.secret)){for(var s,r,n,a=l.querySelectorAll('iframe[data-secret=\"'+t.secret+'\"]'),o=l.querySelectorAll('blockquote[data-secret=\"'+t.secret+'\"]'),c=new RegExp(\"^https?:$\",\"i\"),i=0;i<o.length;i++)o[i].style.display=\"none\";for(i=0;i<a.length;i++)s=a[i],e.source===s.contentWindow&&(s.removeAttribute(\"style\"),\"height\"===t.message?(1e3<(r=parseInt(t.value,10))?r=1e3:~~r<200&&(r=200),s.height=r):\"link\"===t.message&&(r=new URL(s.getAttribute(\"src\")),n=new URL(t.value),c.test(n.protocol))&&n.host===r.host&&l.activeElement===s&&(d.top.location.href=t.value))}},d.addEventListener(\"message\",d.wp.receiveEmbedMessage,!1),l.addEventListener(\"DOMContentLoaded\",function(){for(var e,t,s=l.querySelectorAll(\"iframe.wp-embedded-content\"),r=0;r<s.length;r++)(t=(e=s[r]).getAttribute(\"data-secret\"))||(t=Math.random().toString(36).substring(2,12),e.src+=\"#?secret=\"+t,e.setAttribute(\"data-secret\",t)),e.contentWindow.postMessage({message:\"ready\",secret:t},\"*\")},!1)))}(window,document);\n\/\/# sourceURL=https:\/\/www.altominho.tv\/site\/wp-includes\/js\/wp-embed.min.js\n<\/script>\n","thumbnail_url":"https:\/\/www.altominho.tv\/site\/wp-content\/uploads\/2020\/05\/maxresdefault-3.jpg","thumbnail_width":1280,"thumbnail_height":720,"description":"O munic\u00edpio de Mon\u00e7\u00e3o anunciou este domingo que foram registados mais tr\u00eas casos de recupera\u00e7\u00e3o, subindo para 34 o n\u00famero total de recuperados no concelho.\u00a0 \u201cO concelho de Mon\u00e7\u00e3o tem 123 casos confirmados (92 da Santa Casa da Miseric\u00f3rdia de Mon\u00e7\u00e3o), 34 casos recuperados, nove \u00f3bitos, 34 pessoas em regime de quarentena, menos cinco que [&hellip;]"}