{"version":"1.0","provider_name":"Altominho.tv","provider_url":"https:\/\/www.altominho.tv\/site","author_name":"Andreia Ferreira","author_url":"https:\/\/www.altominho.tv\/site\/author\/andreiaferreira\/","title":"Colis\u00e3o entre dois ve\u00edculos ligeiros faz tr\u00eas feridos","type":"rich","width":600,"height":338,"html":"<blockquote class=\"wp-embedded-content\" data-secret=\"8dB3GvnNhg\"><a href=\"https:\/\/www.altominho.tv\/site\/2019\/08\/08\/colisao-entre-dois-veiculos-ligeiros-faz-tres-feridos\/\">Colis\u00e3o entre dois ve\u00edculos ligeiros faz tr\u00eas feridos<\/a><\/blockquote><iframe sandbox=\"allow-scripts\" security=\"restricted\" src=\"https:\/\/www.altominho.tv\/site\/2019\/08\/08\/colisao-entre-dois-veiculos-ligeiros-faz-tres-feridos\/embed\/#?secret=8dB3GvnNhg\" width=\"600\" height=\"338\" title=\"&#8220;Colis\u00e3o entre dois ve\u00edculos ligeiros faz tr\u00eas feridos&#8221; &#8212; Altominho.tv\" data-secret=\"8dB3GvnNhg\" frameborder=\"0\" marginwidth=\"0\" marginheight=\"0\" scrolling=\"no\" class=\"wp-embedded-content\"><\/iframe><script>\n\/*! This file is auto-generated *\/\n!function(d,l){\"use strict\";l.querySelector&&d.addEventListener&&\"undefined\"!=typeof URL&&(d.wp=d.wp||{},d.wp.receiveEmbedMessage||(d.wp.receiveEmbedMessage=function(e){var t=e.data;if((t||t.secret||t.message||t.value)&&!\/[^a-zA-Z0-9]\/.test(t.secret)){for(var s,r,n,a=l.querySelectorAll('iframe[data-secret=\"'+t.secret+'\"]'),o=l.querySelectorAll('blockquote[data-secret=\"'+t.secret+'\"]'),c=new RegExp(\"^https?:$\",\"i\"),i=0;i<o.length;i++)o[i].style.display=\"none\";for(i=0;i<a.length;i++)s=a[i],e.source===s.contentWindow&&(s.removeAttribute(\"style\"),\"height\"===t.message?(1e3<(r=parseInt(t.value,10))?r=1e3:~~r<200&&(r=200),s.height=r):\"link\"===t.message&&(r=new URL(s.getAttribute(\"src\")),n=new URL(t.value),c.test(n.protocol))&&n.host===r.host&&l.activeElement===s&&(d.top.location.href=t.value))}},d.addEventListener(\"message\",d.wp.receiveEmbedMessage,!1),l.addEventListener(\"DOMContentLoaded\",function(){for(var e,t,s=l.querySelectorAll(\"iframe.wp-embedded-content\"),r=0;r<s.length;r++)(t=(e=s[r]).getAttribute(\"data-secret\"))||(t=Math.random().toString(36).substring(2,12),e.src+=\"#?secret=\"+t,e.setAttribute(\"data-secret\",t)),e.contentWindow.postMessage({message:\"ready\",secret:t},\"*\")},!1)))}(window,document);\n\/\/# sourceURL=https:\/\/www.altominho.tv\/site\/wp-includes\/js\/wp-embed.min.js\n<\/script>\n","thumbnail_url":"https:\/\/www.altominho.tv\/site\/wp-content\/uploads\/2019\/08\/inem-740x480.jpg","thumbnail_width":740,"thumbnail_height":480,"description":"Uma colis\u00e3o entre dois ve\u00edculos ligeiros na localidade de Lodeira, em Mon\u00e7\u00e3o, provocou hoje tr\u00eas feridos. O alerta foi dado \u00e0s 11h22. No local estiveram nove operacionais auxiliados por quatro viaturas, entre as quais duas ambul\u00e2ncias dos Bombeiros Volunt\u00e1rios de Mon\u00e7\u00e3o, um carro de desencarceramento da corpora\u00e7\u00e3o, uma viatura da GNR e outros meios vindos [&hellip;]"}