{"version":"1.0","provider_name":"Altominho.tv","provider_url":"https:\/\/www.altominho.tv\/site","author_name":"Andreia Ferreira","author_url":"https:\/\/www.altominho.tv\/site\/author\/andreiaferreira\/","title":"\u201cDomingos Saud\u00e1veis\u201d regressam a Arcos de Valdevez","type":"rich","width":600,"height":338,"html":"<blockquote class=\"wp-embedded-content\" data-secret=\"sEIbzx3Z1y\"><a href=\"https:\/\/www.altominho.tv\/site\/2019\/06\/25\/domingos-saudaveis-regressam-a-arcos-de-valdevez\/\">\u201cDomingos Saud\u00e1veis\u201d regressam a Arcos de Valdevez<\/a><\/blockquote><iframe sandbox=\"allow-scripts\" security=\"restricted\" src=\"https:\/\/www.altominho.tv\/site\/2019\/06\/25\/domingos-saudaveis-regressam-a-arcos-de-valdevez\/embed\/#?secret=sEIbzx3Z1y\" width=\"600\" height=\"338\" title=\"&#8220;\u201cDomingos Saud\u00e1veis\u201d regressam a Arcos de Valdevez&#8221; &#8212; Altominho.tv\" data-secret=\"sEIbzx3Z1y\" frameborder=\"0\" marginwidth=\"0\" marginheight=\"0\" scrolling=\"no\" class=\"wp-embedded-content\"><\/iframe><script type=\"text\/javascript\">\n\/* <![CDATA[ *\/\n\/*! This file is auto-generated *\/\n!function(d,l){\"use strict\";l.querySelector&&d.addEventListener&&\"undefined\"!=typeof URL&&(d.wp=d.wp||{},d.wp.receiveEmbedMessage||(d.wp.receiveEmbedMessage=function(e){var t=e.data;if((t||t.secret||t.message||t.value)&&!\/[^a-zA-Z0-9]\/.test(t.secret)){for(var s,r,n,a=l.querySelectorAll('iframe[data-secret=\"'+t.secret+'\"]'),o=l.querySelectorAll('blockquote[data-secret=\"'+t.secret+'\"]'),c=new RegExp(\"^https?:$\",\"i\"),i=0;i<o.length;i++)o[i].style.display=\"none\";for(i=0;i<a.length;i++)s=a[i],e.source===s.contentWindow&&(s.removeAttribute(\"style\"),\"height\"===t.message?(1e3<(r=parseInt(t.value,10))?r=1e3:~~r<200&&(r=200),s.height=r):\"link\"===t.message&&(r=new URL(s.getAttribute(\"src\")),n=new URL(t.value),c.test(n.protocol))&&n.host===r.host&&l.activeElement===s&&(d.top.location.href=t.value))}},d.addEventListener(\"message\",d.wp.receiveEmbedMessage,!1),l.addEventListener(\"DOMContentLoaded\",function(){for(var e,t,s=l.querySelectorAll(\"iframe.wp-embedded-content\"),r=0;r<s.length;r++)(t=(e=s[r]).getAttribute(\"data-secret\"))||(t=Math.random().toString(36).substring(2,12),e.src+=\"#?secret=\"+t,e.setAttribute(\"data-secret\",t)),e.contentWindow.postMessage({message:\"ready\",secret:t},\"*\")},!1)))}(window,document);\n\/\/# sourceURL=https:\/\/www.altominho.tv\/site\/wp-includes\/js\/wp-embed.min.js\n\/* ]]> *\/\n<\/script>\n","thumbnail_url":"https:\/\/www.altominho.tv\/site\/wp-content\/uploads\/2019\/06\/cropped-xP7044770_1_1024_2500.JPG.pagespeed.ic_.4aM1kIeGYK.jpg","thumbnail_width":1024,"thumbnail_height":576,"description":"Os &#8220;Domingos Saud\u00e1veis&#8221; est\u00e3o de regresso a Arcos de Valdevez, entre os dias 7 de julho e 8 de setembro, com v\u00e1rias atividades programadas. Segundo o munic\u00edpio, a iniciativa, organizada em parceria com o gin\u00e1sio Studio 601, pretende &#8220;promover a atividade f\u00edsica em grupo, bem como fomentar estilos de vida saud\u00e1veis&#8221;. Os participantes poder\u00e3o praticar [&hellip;]"}