{"version":"1.0","provider_name":"Altominho.tv","provider_url":"https:\/\/www.altominho.tv\/site","author_name":"Andreia Ferreira","author_url":"https:\/\/www.altominho.tv\/site\/author\/andreiaferreira\/","title":"Parque Aqu\u00e1tico de Cerveira j\u00e1 abriu ao p\u00fablico","type":"rich","width":600,"height":338,"html":"<blockquote class=\"wp-embedded-content\" data-secret=\"oH0Fc9VqJP\"><a href=\"https:\/\/www.altominho.tv\/site\/2018\/06\/18\/parque-aquatico-de-cerveira-ja-abriu-ao-publico\/\">Parque Aqu\u00e1tico de Cerveira j\u00e1 abriu ao p\u00fablico<\/a><\/blockquote><iframe sandbox=\"allow-scripts\" security=\"restricted\" src=\"https:\/\/www.altominho.tv\/site\/2018\/06\/18\/parque-aquatico-de-cerveira-ja-abriu-ao-publico\/embed\/#?secret=oH0Fc9VqJP\" width=\"600\" height=\"338\" title=\"&#8220;Parque Aqu\u00e1tico de Cerveira j\u00e1 abriu ao p\u00fablico&#8221; &#8212; Altominho.tv\" data-secret=\"oH0Fc9VqJP\" frameborder=\"0\" marginwidth=\"0\" marginheight=\"0\" scrolling=\"no\" class=\"wp-embedded-content\"><\/iframe><script type=\"text\/javascript\">\n\/* <![CDATA[ *\/\n\/*! This file is auto-generated *\/\n!function(d,l){\"use strict\";l.querySelector&&d.addEventListener&&\"undefined\"!=typeof URL&&(d.wp=d.wp||{},d.wp.receiveEmbedMessage||(d.wp.receiveEmbedMessage=function(e){var t=e.data;if((t||t.secret||t.message||t.value)&&!\/[^a-zA-Z0-9]\/.test(t.secret)){for(var s,r,n,a=l.querySelectorAll('iframe[data-secret=\"'+t.secret+'\"]'),o=l.querySelectorAll('blockquote[data-secret=\"'+t.secret+'\"]'),c=new RegExp(\"^https?:$\",\"i\"),i=0;i<o.length;i++)o[i].style.display=\"none\";for(i=0;i<a.length;i++)s=a[i],e.source===s.contentWindow&&(s.removeAttribute(\"style\"),\"height\"===t.message?(1e3<(r=parseInt(t.value,10))?r=1e3:~~r<200&&(r=200),s.height=r):\"link\"===t.message&&(r=new URL(s.getAttribute(\"src\")),n=new URL(t.value),c.test(n.protocol))&&n.host===r.host&&l.activeElement===s&&(d.top.location.href=t.value))}},d.addEventListener(\"message\",d.wp.receiveEmbedMessage,!1),l.addEventListener(\"DOMContentLoaded\",function(){for(var e,t,s=l.querySelectorAll(\"iframe.wp-embedded-content\"),r=0;r<s.length;r++)(t=(e=s[r]).getAttribute(\"data-secret\"))||(t=Math.random().toString(36).substring(2,12),e.src+=\"#?secret=\"+t,e.setAttribute(\"data-secret\",t)),e.contentWindow.postMessage({message:\"ready\",secret:t},\"*\")},!1)))}(window,document);\n\/\/# sourceURL=https:\/\/www.altominho.tv\/site\/wp-includes\/js\/wp-embed.min.js\n\/* ]]> *\/\n<\/script>\n","thumbnail_url":"https:\/\/www.altominho.tv\/site\/wp-content\/uploads\/2018\/06\/IMG_1916.jpg","thumbnail_width":2000,"thumbnail_height":1333,"description":"O Parque Aqu\u00e1tico de Vila Nova de Cerveira j\u00e1 se encontra de portas abertas. O espa\u00e7o destinado \u00e0s fam\u00edlias reabriu no passado s\u00e1bado, 16 de junho. Inserido no Parque de Lazer do Castelinho, este parque tem\u00e1tico simula uma r\u00e9plica do rio Minho com os seus canais, comportas, barragens, jatos e repuxos de \u00e1gua e \u00e9 [&hellip;]"}