{"version":"1.0","provider_name":"Altominho.tv","provider_url":"https:\/\/www.altominho.tv\/site","author_name":"Andreia Ferreira","author_url":"https:\/\/www.altominho.tv\/site\/author\/andreiaferreira\/","title":"Feira das Tradi\u00e7\u00f5es regressa a Verdoejo","type":"rich","width":600,"height":338,"html":"<blockquote class=\"wp-embedded-content\" data-secret=\"ou7ugKkDw2\"><a href=\"https:\/\/www.altominho.tv\/site\/2018\/06\/13\/feira-das-tradicoes-regressa-a-verdoejo\/\">Feira das Tradi\u00e7\u00f5es regressa a Verdoejo<\/a><\/blockquote><iframe sandbox=\"allow-scripts\" security=\"restricted\" src=\"https:\/\/www.altominho.tv\/site\/2018\/06\/13\/feira-das-tradicoes-regressa-a-verdoejo\/embed\/#?secret=ou7ugKkDw2\" width=\"600\" height=\"338\" title=\"&#8220;Feira das Tradi\u00e7\u00f5es regressa a Verdoejo&#8221; &#8212; Altominho.tv\" data-secret=\"ou7ugKkDw2\" frameborder=\"0\" marginwidth=\"0\" marginheight=\"0\" scrolling=\"no\" class=\"wp-embedded-content\"><\/iframe><script type=\"text\/javascript\">\n\/* <![CDATA[ *\/\n\/*! This file is auto-generated *\/\n!function(d,l){\"use strict\";l.querySelector&&d.addEventListener&&\"undefined\"!=typeof URL&&(d.wp=d.wp||{},d.wp.receiveEmbedMessage||(d.wp.receiveEmbedMessage=function(e){var t=e.data;if((t||t.secret||t.message||t.value)&&!\/[^a-zA-Z0-9]\/.test(t.secret)){for(var s,r,n,a=l.querySelectorAll('iframe[data-secret=\"'+t.secret+'\"]'),o=l.querySelectorAll('blockquote[data-secret=\"'+t.secret+'\"]'),c=new RegExp(\"^https?:$\",\"i\"),i=0;i<o.length;i++)o[i].style.display=\"none\";for(i=0;i<a.length;i++)s=a[i],e.source===s.contentWindow&&(s.removeAttribute(\"style\"),\"height\"===t.message?(1e3<(r=parseInt(t.value,10))?r=1e3:~~r<200&&(r=200),s.height=r):\"link\"===t.message&&(r=new URL(s.getAttribute(\"src\")),n=new URL(t.value),c.test(n.protocol))&&n.host===r.host&&l.activeElement===s&&(d.top.location.href=t.value))}},d.addEventListener(\"message\",d.wp.receiveEmbedMessage,!1),l.addEventListener(\"DOMContentLoaded\",function(){for(var e,t,s=l.querySelectorAll(\"iframe.wp-embedded-content\"),r=0;r<s.length;r++)(t=(e=s[r]).getAttribute(\"data-secret\"))||(t=Math.random().toString(36).substring(2,12),e.src+=\"#?secret=\"+t,e.setAttribute(\"data-secret\",t)),e.contentWindow.postMessage({message:\"ready\",secret:t},\"*\")},!1)))}(window,document);\n\/\/# sourceURL=https:\/\/www.altominho.tv\/site\/wp-includes\/js\/wp-embed.min.js\n\/* ]]> *\/\n<\/script>\n","thumbnail_url":"https:\/\/www.altominho.tv\/site\/wp-content\/uploads\/2018\/06\/FeiraTradic\u0327o\u0303es.jpg","thumbnail_width":810,"thumbnail_height":369,"description":"A VII Feira das Tradi\u00e7\u00f5es vai\u00a0realizar-se nos dias 22, 23 e 24 de junho na freguesia de Verdoejo, no alto de S. Tom\u00e9, em Valen\u00e7a. Organizada pela Associa\u00e7\u00e3o Cultural de Verdoejo, este evento procura &#8220;divulgar as tradi\u00e7\u00f5es, produtos regionais e artesanato&#8221; do concelho, atrav\u00e9s de uma exposi\u00e7\u00e3o permanente no recinto que, este ano, contar\u00e1 com [&hellip;]"}