{"version":"1.0","provider_name":"Altominho.tv","provider_url":"https:\/\/www.altominho.tv\/site","author_name":"C\u00e1tia Malheiro","author_url":"https:\/\/www.altominho.tv\/site\/author\/catiamalheiro\/","title":"Mon\u00e7\u00e3o: Executivo promove campanhas de sensibiliza\u00e7\u00e3o nas freguesias","type":"rich","width":600,"height":338,"html":"<blockquote class=\"wp-embedded-content\" data-secret=\"FfaqrFykV9\"><a href=\"https:\/\/www.altominho.tv\/site\/2018\/01\/24\/8733\/\">Mon\u00e7\u00e3o: Executivo promove campanhas de sensibiliza\u00e7\u00e3o nas freguesias<\/a><\/blockquote><iframe sandbox=\"allow-scripts\" security=\"restricted\" src=\"https:\/\/www.altominho.tv\/site\/2018\/01\/24\/8733\/embed\/#?secret=FfaqrFykV9\" width=\"600\" height=\"338\" title=\"&#8220;Mon\u00e7\u00e3o: Executivo promove campanhas de sensibiliza\u00e7\u00e3o nas freguesias&#8221; &#8212; Altominho.tv\" data-secret=\"FfaqrFykV9\" frameborder=\"0\" marginwidth=\"0\" marginheight=\"0\" scrolling=\"no\" class=\"wp-embedded-content\"><\/iframe><script>\n\/*! This file is auto-generated *\/\n!function(d,l){\"use strict\";l.querySelector&&d.addEventListener&&\"undefined\"!=typeof URL&&(d.wp=d.wp||{},d.wp.receiveEmbedMessage||(d.wp.receiveEmbedMessage=function(e){var t=e.data;if((t||t.secret||t.message||t.value)&&!\/[^a-zA-Z0-9]\/.test(t.secret)){for(var s,r,n,a=l.querySelectorAll('iframe[data-secret=\"'+t.secret+'\"]'),o=l.querySelectorAll('blockquote[data-secret=\"'+t.secret+'\"]'),c=new RegExp(\"^https?:$\",\"i\"),i=0;i<o.length;i++)o[i].style.display=\"none\";for(i=0;i<a.length;i++)s=a[i],e.source===s.contentWindow&&(s.removeAttribute(\"style\"),\"height\"===t.message?(1e3<(r=parseInt(t.value,10))?r=1e3:~~r<200&&(r=200),s.height=r):\"link\"===t.message&&(r=new URL(s.getAttribute(\"src\")),n=new URL(t.value),c.test(n.protocol))&&n.host===r.host&&l.activeElement===s&&(d.top.location.href=t.value))}},d.addEventListener(\"message\",d.wp.receiveEmbedMessage,!1),l.addEventListener(\"DOMContentLoaded\",function(){for(var e,t,s=l.querySelectorAll(\"iframe.wp-embedded-content\"),r=0;r<s.length;r++)(t=(e=s[r]).getAttribute(\"data-secret\"))||(t=Math.random().toString(36).substring(2,12),e.src+=\"#?secret=\"+t,e.setAttribute(\"data-secret\",t)),e.contentWindow.postMessage({message:\"ready\",secret:t},\"*\")},!1)))}(window,document);\n\/\/# sourceURL=https:\/\/www.altominho.tv\/site\/wp-includes\/js\/wp-embed.min.js\n<\/script>\n","thumbnail_url":"https:\/\/www.altominho.tv\/site\/wp-content\/uploads\/2018\/01\/in.jpg","thumbnail_width":1681,"thumbnail_height":1120,"description":"Durante o m\u00eas de fevereiro, a C\u00e2mara Municipal de Mon\u00e7\u00e3o vai promover sess\u00f5es de sensibiliza\u00e7\u00e3o nas freguesias do concelho, comunicando \u00e0s popula\u00e7\u00f5es locais as altera\u00e7\u00f5es do Sistema Nacional de Defesa da Floresta contra Inc\u00eandios. Neste p\u00e9riplo pelas freguesias do concelho, o autarca local, Ant\u00f3nio Barbosa, far-se-\u00e1 acompanhar por elementos do gabinete de prote\u00e7\u00e3o civil do [&hellip;]"}